{"id":2888,"date":"2018-04-17T18:36:14","date_gmt":"2018-04-17T16:36:14","guid":{"rendered":"https:\/\/www.zurbrueggen.de\/magazin\/?page_id=2888"},"modified":"2019-12-04T13:17:10","modified_gmt":"2019-12-04T12:17:10","slug":"wohnstil","status":"publish","type":"page","link":"https:\/\/www.zurbrueggen.de\/magazin\/wohnstil\/","title":{"rendered":"Wohnstil"},"content":{"rendered":"<h1 style=\"text-align: center;\">Alles f\u00fcr ein gem\u00fctliches Zuhause<\/h1>\n<style type=\"text\/css\" scoped>.roboGalleryLoaderSpinner{\r\n\tmargin: 50px auto;\r\n\twidth: 50px;\r\n\theight: 40px;\r\n\ttext-align: center;\r\n\tfont-size: 10px;\r\n}\r\n.roboGalleryLoaderSpinner > div{\r\n  background-color: #333;\r\n  height: 100%;\r\n  width: 6px;\r\n  display: inline-block;\r\n\r\n  -webkit-animation: roboGalleryLoader-stretchdelay 1.2s infinite ease-in-out;\r\n  animation: roboGalleryLoader-stretchdelay 1.2s infinite ease-in-out;\r\n}\r\n.roboGalleryLoaderSpinner .roboGalleryLoaderRect2 {\r\n  -webkit-animation-delay: -1.1s;\r\n  animation-delay: -1.1s;\r\n}\r\n.roboGalleryLoaderSpinner .roboGalleryLoaderRect3 {\r\n  -webkit-animation-delay: -1.0s;\r\n  animation-delay: -1.0s;\r\n}\r\n.roboGalleryLoaderSpinner .roboGalleryLoaderRect4 {\r\n  -webkit-animation-delay: -0.9s;\r\n  animation-delay: -0.9s;\r\n}\r\n.roboGalleryLoaderSpinner .roboGalleryLoaderRect5 {\r\n  -webkit-animation-delay: -0.8s;\r\n  animation-delay: -0.8s;\r\n}\r\n@-webkit-keyframes roboGalleryLoader-stretchdelay {\r\n  0%, 40%, 100% { -webkit-transform: scaleY(0.4) }  \r\n  20% { -webkit-transform: scaleY(1.0) }\r\n}\r\n@keyframes roboGalleryLoader-stretchdelay {\r\n  0%, 40%, 100% { \r\n    transform: scaleY(0.4);\r\n    -webkit-transform: scaleY(0.4);\r\n  }  20% { \r\n    transform: scaleY(1.0);\r\n    -webkit-transform: scaleY(1.0);\r\n  }\r\n}<\/style><div id=\"robo_gallery_loading_rbs_gallery_69f1bed8db250\" class=\"roboGalleryLoaderSpinner\"><div class=\"roboGalleryLoaderRect1\"><\/div> <div class=\"roboGalleryLoaderRect2\"><\/div> <div class=\"roboGalleryLoaderRect3\"><\/div> <div class=\"roboGalleryLoaderRect4\"><\/div> <div class=\"roboGalleryLoaderRect5\"><\/div><\/div><div id=\"robo_gallery_main_block_rbs_gallery_69f1bed8db250\" style=\"width:100%;margin: 0 auto;padding-left:20px;padding-top:30px;  display: none;\"><div>                                                                                    <\/div><div id=\"rbs_gallery_69f1bed8db250\" data-options=\"rbs_gallery_69f1bed8db250\" style=\"width:100%;\" class=\"robo_gallery\"><div class=\"rbs-img category2857 \"  data-columns=\"1\" ><div class=\"rbs-img-image \"   ><div data-thumbnail=\"https:\/\/www.zurbrueggen.de\/magazin\/wp-content\/uploads\/2018\/01\/magazin-kachel-romantischer-valentinstag-20250115-151917-1024x1024.jpg\" title=\"Romantischer Valentinstag\" data-width=\"665\" data-height=\"665\" ><\/div><div data-popup=\"https:\/\/www.zurbrueggen.de\/magazin\/wp-content\/uploads\/2018\/01\/magazin-kachel-romantischer-valentinstag-20250115-151917.jpg\" data-alt=\"Romantischer Valentinstag\" title=\"Romantischer Valentinstag\" ><\/div><div class=\"thumbnail-overlay\">                                                                                      <div class=\"rbs-hover-title\"><h2>Romantischer Valentinstag<\/h2> \u2013 Romantischer Valentinstag<\/div>\r\n<div class=\"rbs-hover-more\"><a href=\"https:\/\/www.zurbrueggen.de\/magazin\/romantischer-valentinstag\/\">Mehr...<\/a><\/div>\r\n<\/div><\/div><\/div><div class=\"rbs-img category2857 \"  data-columns=\"1\" ><div class=\"rbs-img-image \"   ><div data-thumbnail=\"https:\/\/www.zurbrueggen.de\/magazin\/wp-content\/uploads\/2018\/01\/magazin-kachel-glanzvolle-silvester-20241217-125355-1024x1024.jpg\" title=\"Glanzvolle Silvester\" data-width=\"665\" data-height=\"665\" ><\/div><div data-popup=\"https:\/\/www.zurbrueggen.de\/magazin\/wp-content\/uploads\/2018\/01\/magazin-kachel-glanzvolle-silvester-20241217-125355.jpg\" data-alt=\"Glanzvolle Silvester\" title=\"Glanzvolle Silvester\" ><\/div><div class=\"thumbnail-overlay\">                                                                                      <div class=\"rbs-hover-title\"><h2>Glanzvolle Silvester<\/h2> \u2013 Glanzvolle Silvester<\/div>\r\n<div class=\"rbs-hover-more\"><a href=\"https:\/\/www.zurbrueggen.de\/magazin\/glanzvolle-silvester\/\">Mehr...<\/a><\/div>\r\n<\/div><\/div><\/div><div class=\"rbs-img category2857 \"  data-columns=\"1\" ><div class=\"rbs-img-image \"   ><div data-thumbnail=\"https:\/\/www.zurbrueggen.de\/magazin\/wp-content\/uploads\/2018\/01\/magazin-kachel-winterlicher-kuechenzauber-20241210-144018-1024x1024.jpg\" title=\"Winterlicher K\u00fcchenzauber\" data-width=\"665\" data-height=\"665\" ><\/div><div data-popup=\"https:\/\/www.zurbrueggen.de\/magazin\/wp-content\/uploads\/2018\/01\/magazin-kachel-winterlicher-kuechenzauber-20241210-144018.jpg\" data-alt=\"Winterlicher K\u00fcchenzauber\" title=\"Winterlicher K\u00fcchenzauber\" ><\/div><div class=\"thumbnail-overlay\">                                                                                      <div class=\"rbs-hover-title\"><h2>Winterlicher K\u00fcchenzauber<\/h2> \u2013 Winterlicher K\u00fcchenzauber<\/div>\r\n<div class=\"rbs-hover-more\"><a href=\"http:\/\/www.zurbrueggen.de\/magazin\/winterlicher-kuechenzauber\">Mehr...<\/a><\/div>\r\n<\/div><\/div><\/div><div class=\"rbs-img category2857 \"  data-columns=\"1\" ><div class=\"rbs-img-image \"   ><div data-thumbnail=\"https:\/\/www.zurbrueggen.de\/magazin\/wp-content\/uploads\/2018\/01\/magazin-kachel-gemuetliche-adventszeit-1024x1024.jpg\" title=\"Gem\u00fctliche Adventszeit\" data-width=\"665\" data-height=\"665\" ><\/div><div data-popup=\"https:\/\/www.zurbrueggen.de\/magazin\/wp-content\/uploads\/2018\/01\/magazin-kachel-gemuetliche-adventszeit.jpg\" data-alt=\"Gem\u00fctliche Adventszeit\" title=\"Gem\u00fctliche Adventszeit\" ><\/div><div class=\"thumbnail-overlay\">                                                                                      <div class=\"rbs-hover-title\"><h2>Gem\u00fctliche Adventszeit<\/h2> \u2013 Gem\u00fctliche Adventszeit<\/div>\r\n<div class=\"rbs-hover-more\"><a href=\"https:\/\/www.zurbrueggen.de\/magazin\/gemuetliche-adventszeit\/\">Mehr...<\/a><\/div>\r\n<\/div><\/div><\/div><div class=\"rbs-img category2857 \" ><div class=\"rbs-img-image \"   ><div data-thumbnail=\"https:\/\/www.zurbrueggen.de\/magazin\/wp-content\/uploads\/2024\/07\/bf83bc03-decc-4935-906a-4c6344f5c232-1024x1024.jpg\" title=\"Maritim wohnen\" data-width=\"665\" data-height=\"665\" ><\/div><div data-popup=\"https:\/\/www.zurbrueggen.de\/magazin\/wp-content\/uploads\/2024\/07\/bf83bc03-decc-4935-906a-4c6344f5c232.jpg\" data-alt=\"Das Bild zeigt eine Sammlung von Geschirr in verschiedenen Blaut\u00f6nen, die auf einem Tisch am Strand arrangiert sind. Zu sehen sind Teller, Tassen und eine Kanne, alle mit einem rustikalen Finish. Im Hintergrund ist das Meer bei D\u00e4mmerung zu erkennen. \u00dcberlagert ist ein Text in deutscher Sprache: \u2018Maritim wohnen - Frische Brise f\u00fcr dein Zuhause\u2019. Das Bild k\u00f6nnte f\u00fcr Einrichtungsinspiration oder Werbung f\u00fcr Heimdekor verwendet werden und vermittelt ein entspanntes, maritimes Lebensgef\u00fchl\" title=\"Maritim wohnen\" ><\/div><div class=\"thumbnail-overlay\">                                                                                      <div class=\"rbs-hover-title\"><h2>Maritim wohnen<\/h2> \u2013 Maritim wohnen<\/div>\r\n<div class=\"rbs-hover-more\"><a href=\"\">Mehr...<\/a><\/div>\r\n<\/div><\/div><\/div><div class=\"rbs-img category2857 \"  data-columns=\"1\" ><div class=\"rbs-img-image \"   ><div data-thumbnail=\"https:\/\/www.zurbrueggen.de\/magazin\/wp-content\/uploads\/2018\/04\/34f62205-7ebd-4482-8cc9-0317e4f3db3b-1024x1024.jpg\" title=\"Sweet Candy\" data-width=\"665\" data-height=\"665\" ><\/div><div data-popup=\"https:\/\/www.zurbrueggen.de\/magazin\/wp-content\/uploads\/2018\/04\/34f62205-7ebd-4482-8cc9-0317e4f3db3b.jpg\" data-alt=\"Ein moderner, gepolsterter Pouf in verschiedenen Rosat\u00f6nen mit einem runden, messingfarbenen Tablett darauf, das ein Glas mit einem Getr\u00e4nk und eine dekorative Feder oder Pflanze h\u00e4lt. Im Hintergrund steht ein hellrosa gepolstertertes Sofa. Der Text \u2018Zuckers\u00fc\u00df einrichten - Sweet Candy\u2019 ist \u00fcber dem Bild zu sehen.\" title=\"Sweet Candy\" ><\/div><div class=\"thumbnail-overlay\">                                                                                      <div class=\"rbs-hover-title\"><h2>Sweet Candy<\/h2> \u2013 Sweet Candy<\/div>\r\n<div class=\"rbs-hover-more\"><a href=\"https:\/\/www.zurbrueggen.de\/magazin\/sweet-candy\/\">Mehr...<\/a><\/div>\r\n<\/div><\/div><\/div><div class=\"rbs-img category2857 \"  data-columns=\"1\" ><div class=\"rbs-img-image \"   ><div data-thumbnail=\"https:\/\/www.zurbrueggen.de\/magazin\/wp-content\/uploads\/2018\/01\/b822671d-9550-41a6-bbcb-8e2db8f6e52d-1024x1024.jpg\" title=\"Mediterran Wohnen\" data-width=\"665\" data-height=\"665\" ><\/div><div data-popup=\"https:\/\/www.zurbrueggen.de\/magazin\/wp-content\/uploads\/2018\/01\/b822671d-9550-41a6-bbcb-8e2db8f6e52d.jpg\" data-alt=\"Mediterran Wohnen\" title=\"Mediterran Wohnen\" ><\/div><div class=\"thumbnail-overlay\">                                                                                      <div class=\"rbs-hover-title\"><h2>Mediterran Wohnen<\/h2> \u2013 Mediterran Wohnen<\/div>\r\n<div class=\"rbs-hover-more\"><a href=\"https:\/\/www.zurbrueggen.de\/magazin\/mediterran-wohnen\/\">Mehr...<\/a><\/div>\r\n<\/div><\/div><\/div><div class=\"rbs-img category2857 \"  data-columns=\"1\" ><div class=\"rbs-img-image \"   ><div data-thumbnail=\"https:\/\/www.zurbrueggen.de\/magazin\/wp-content\/uploads\/2018\/04\/e143a6b9-f866-4f77-91c3-4becee7ae9f6-1024x1024.jpg\" title=\"Peach Fuzz\" data-width=\"665\" data-height=\"665\" ><\/div><div data-popup=\"https:\/\/www.zurbrueggen.de\/magazin\/wp-content\/uploads\/2018\/04\/e143a6b9-f866-4f77-91c3-4becee7ae9f6.jpg\" data-alt=\"Ein stilvolles Interieur mit einer Wand in dunklem Farbton, auf der ein moderner Stuhl mit pfirsichfarbenem Polster steht. Vor dem Stuhl befindet sich ein runder Beistelltisch aus goldfarbenem Metallgitter. Auf dem Tisch stehen ein Weinglas, eine Flasche und eine transparente Dekorationsvase. \u00dcber dem Bild steht in wei\u00dfer Schrift \u2018Peach Fuzz: Pantone Farbe des Jahres 2024\u2019.\" title=\"Peach Fuzz\" ><\/div><div class=\"thumbnail-overlay\">                                                                                      <div class=\"rbs-hover-title\"><h2>Peach Fuzz<\/h2> \u2013 Peach Fuzz: Pantone Farbe des Jahres 2024<\/div>\r\n<div class=\"rbs-hover-more\"><a href=\"https:\/\/www.zurbrueggen.de\/magazin\/ein-hauch-von-pfirsich-peach-fuzz-pantone-farbe-2024\/\">Mehr...<\/a><\/div>\r\n<\/div><\/div><\/div><div class=\"rbs-img category2857 \"  data-columns=\"1\" ><div class=\"rbs-img-image \"   ><div data-thumbnail=\"https:\/\/www.zurbrueggen.de\/magazin\/wp-content\/uploads\/2018\/01\/ed521029-98c4-415e-88f9-72611469bb42-1024x1024.jpg\" title=\"Die erste Wohnung\" data-width=\"665\" data-height=\"665\" ><\/div><div data-popup=\"https:\/\/www.zurbrueggen.de\/magazin\/wp-content\/uploads\/2018\/01\/ed521029-98c4-415e-88f9-72611469bb42.jpg\" data-alt=\"Die erste Wohnung\" title=\"Die erste Wohnung\" ><\/div><div class=\"thumbnail-overlay\">                                                                                      <div class=\"rbs-hover-title\"><h2>Die erste Wohnung<\/h2> \u2013 Die erste Wohnung<\/div>\r\n<div class=\"rbs-hover-more\"><a href=\"https:\/\/www.zurbrueggen.de\/magazin\/die-erste-wohnung\/\">Mehr...<\/a><\/div>\r\n<\/div><\/div><\/div><div class=\"rbs-img category2857 \"  data-columns=\"1\" ><div class=\"rbs-img-image \"   ><div data-thumbnail=\"https:\/\/www.zurbrueggen.de\/magazin\/wp-content\/uploads\/2018\/04\/4daf9689-b3bc-4811-9d22-28fd2d876cb0-1024x1024.jpg\" title=\"Ankleidezimmer: Next Level\" data-width=\"665\" data-height=\"665\" ><\/div><div data-popup=\"https:\/\/www.zurbrueggen.de\/magazin\/wp-content\/uploads\/2018\/04\/4daf9689-b3bc-4811-9d22-28fd2d876cb0.jpg\" data-alt=\"Ein modernes und stilvoll eingerichtetes Zimmer. In der Mitte steht ein wei\u00dfer Schminktisch mit einem runden Spiegel dar\u00fcber. Auf dem Tisch befinden sich verschiedene Gegenst\u00e4nde, darunter eine Schale mir R\u00e4ucherst\u00e4bchen, einige Kosmetikartikel und eine Lampe mit einer sichtbaren Gl\u00fchbirne. Rechts im Bild befindet sich ein Sessel in Wei\u00df oder Hellbeige mit einem Kissen darauf, was Komfort und Entspannung suggeriert. Neben dem Sessel steht eine weitere Lampe mit schlankem Design auf dem Boden. Die W\u00e4nde sind wei\u00df, und vor dem Schminktisch steht ein Hocker mit rundem Sitz. Der Text am unteren Rand des Bildes lautet: \u2018Clever und stylisch eingerichtet - Ankleidezimmer: Next Level.\u2019\" title=\"Ankleidezimmer: Next Level\" ><\/div><div class=\"thumbnail-overlay\">                                                                                      <div class=\"rbs-hover-title\"><h2>Ankleidezimmer: Next Level<\/h2> \u2013 Ankleidezimmer: Next Level<\/div>\r\n<div class=\"rbs-hover-more\"><a href=\"https:\/\/www.zurbrueggen.de\/magazin\/ankleidezimmer\/\">Mehr...<\/a><\/div>\r\n<\/div><\/div><\/div><div class=\"rbs-img category2857 \"  data-columns=\"1\" ><div class=\"rbs-img-image \"   ><div data-thumbnail=\"https:\/\/www.zurbrueggen.de\/magazin\/wp-content\/uploads\/2018\/04\/magazin-kachel-innovative-moebel-1024x1024.jpg\" title=\"Innovative Wohnideen\" data-width=\"665\" data-height=\"665\" ><\/div><div data-popup=\"https:\/\/www.zurbrueggen.de\/magazin\/wp-content\/uploads\/2018\/04\/magazin-kachel-innovative-moebel.jpg\" data-alt=\"Ein modernes, minimalistisches Home-Office-Setup in einem Innenraum. Ein eleganter wei\u00dfer Schreibtisch mit Regalen steht vor einer Betonwand und beherbergt einen schwarzen Monitor, Ordnern, dekorative Gegenst\u00e4nde und eine Topfpflanze. Rechts vom Schreibtisch steht ein Korb mit Papierrollen. Die Szene wird durch nat\u00fcrliches Licht bestrahlt. \u00dcber dem Schreibtisch steht der Text \u2018Die Welt der Inneneinrichtung - Innovative Wohnideen\u2019.\" title=\"Innovative Wohnideen\" ><\/div><div class=\"thumbnail-overlay\">                                                                                      <div class=\"rbs-hover-title\"><h2>Innovative Wohnideen<\/h2> \u2013 Innovative Wohnideen<\/div>\r\n<div class=\"rbs-hover-more\"><a href=\"https:\/\/www.zurbrueggen.de\/magazin\/die-welt-der-inneneinrichtung-innovative-wohnideen\/\">Mehr...<\/a><\/div>\r\n<\/div><\/div><\/div><div class=\"rbs-img category2857 \"  data-columns=\"1\" ><div class=\"rbs-img-image \"   ><div data-thumbnail=\"https:\/\/www.zurbrueggen.de\/magazin\/wp-content\/uploads\/2018\/04\/magazin-kachel-wohnen-wie-in-skandinavien-1024x1024.png\" title=\"Wohnen wir in Skandinavien\" data-width=\"665\" data-height=\"665\" ><\/div><div data-popup=\"https:\/\/www.zurbrueggen.de\/magazin\/wp-content\/uploads\/2018\/04\/magazin-kachel-wohnen-wie-in-skandinavien.png\" data-alt=\"Wohnen wir in Skandinavien\" title=\"Wohnen wir in Skandinavien\" ><\/div><div class=\"thumbnail-overlay\">                                                                                      <div class=\"rbs-hover-title\"><h2>Wohnen wir in Skandinavien<\/h2> \u2013 Schlichte Sch\u00f6nheit f\u00fcr jedes Zuhause<\/div>\r\n<div class=\"rbs-hover-more\"><a href=\"https:\/\/www.zurbrueggen.de\/magazin\/wohnen-wie-in-skandinavien\/\">Mehr...<\/a><\/div>\r\n<\/div><\/div><\/div><div class=\"rbs-img category2857 \"  data-columns=\"1\" ><div class=\"rbs-img-image \"   ><div data-thumbnail=\"https:\/\/www.zurbrueggen.de\/magazin\/wp-content\/uploads\/2018\/04\/magazin-kachel-girly-style-1024x1024.png\" title=\"Girly Style\" data-width=\"665\" data-height=\"665\" ><\/div><div data-popup=\"https:\/\/www.zurbrueggen.de\/magazin\/wp-content\/uploads\/2018\/04\/magazin-kachel-girly-style.png\" data-alt=\"Girly Style\" title=\"Girly Style\" ><\/div><div class=\"thumbnail-overlay\">                                                                                      <div class=\"rbs-hover-title\"><h2>Girly Style<\/h2> \u2013 Prinzessinnentr\u00e4ume werden wahr<\/div>\r\n<div class=\"rbs-hover-more\"><a href=\"https:\/\/www.zurbrueggen.de\/magazin\/girly-style\/\">Mehr...<\/a><\/div>\r\n<\/div><\/div><\/div><div class=\"rbs-img category2857 \"  data-columns=\"1\" ><div class=\"rbs-img-image \"   ><div data-thumbnail=\"https:\/\/www.zurbrueggen.de\/magazin\/wp-content\/uploads\/2022\/07\/magazin-kachel-ergonomisches-homeoffice-1024x1024.png\" title=\"Ergonomisches Homeoffice\" data-width=\"665\" data-height=\"665\" ><\/div><div data-popup=\"https:\/\/www.zurbrueggen.de\/magazin\/wp-content\/uploads\/2022\/07\/magazin-kachel-ergonomisches-homeoffice.png\" data-alt=\"Ergonomisches Homeoffice\" title=\"Ergonomisches Homeoffice\" ><\/div><div class=\"thumbnail-overlay\">                                                                                      <div class=\"rbs-hover-title\"><h2>Ergonomisches Homeoffice<\/h2> \u2013 Gesunder R\u00fccken<\/div>\r\n<div class=\"rbs-hover-more\"><a href=\"https:\/\/www.zurbrueggen.de\/magazin\/ergonomisches-homeoffice\/\">Mehr...<\/a><\/div>\r\n<\/div><\/div><\/div><div class=\"rbs-img category2857 \"  data-columns=\"1\" ><div class=\"rbs-img-image \"   ><div data-thumbnail=\"https:\/\/www.zurbrueggen.de\/magazin\/wp-content\/uploads\/2018\/04\/magazin-kachel-natural-living-1024x1024.jpg\" title=\"Natural Living\" data-width=\"665\" data-height=\"665\" ><\/div><div data-popup=\"https:\/\/www.zurbrueggen.de\/magazin\/wp-content\/uploads\/2018\/04\/magazin-kachel-natural-living.jpg\" data-alt=\"Natural Living\" title=\"Natural Living\" ><\/div><div class=\"thumbnail-overlay\">                                                                                      <div class=\"rbs-hover-title\"><h2>Natural Living<\/h2> \u2013 Harmonie und Ruhe<\/div>\r\n<div class=\"rbs-hover-more\"><a href=\"https:\/\/www.zurbrueggen.de\/magazin\/natural-living\/\">Mehr...<\/a><\/div>\r\n<\/div><\/div><\/div><div class=\"rbs-img category2857 \"  data-columns=\"1\" ><div class=\"rbs-img-image \"   ><div data-thumbnail=\"https:\/\/www.zurbrueggen.de\/magazin\/wp-content\/uploads\/2018\/04\/magazin-kachel-japandi-1024x1024.png\" title=\"Japandi\" data-width=\"665\" data-height=\"665\" ><\/div><div data-popup=\"https:\/\/www.zurbrueggen.de\/magazin\/wp-content\/uploads\/2018\/04\/magazin-kachel-japandi.png\" data-alt=\"Japandi\" title=\"Japandi\" ><\/div><div class=\"thumbnail-overlay\">                                                                                      <div class=\"rbs-hover-title\"><h2>Japandi<\/h2> \u2013 East meets North<\/div>\r\n<div class=\"rbs-hover-more\"><a href=\"https:\/\/www.zurbrueggen.de\/magazin\/japandi\/\">Mehr...<\/a><\/div>\r\n<\/div><\/div><\/div><div class=\"rbs-img category2857 \"  data-columns=\"1\" ><div class=\"rbs-img-image \"   ><div data-thumbnail=\"https:\/\/www.zurbrueggen.de\/magazin\/wp-content\/uploads\/2018\/04\/magazin-kachel-clean-chic-1024x1024.png\" title=\"Clean Chic\" data-width=\"665\" data-height=\"665\" ><\/div><div data-popup=\"https:\/\/www.zurbrueggen.de\/magazin\/wp-content\/uploads\/2018\/04\/magazin-kachel-clean-chic.png\" data-alt=\"Clean Chic\" title=\"Clean Chic\" ><\/div><div class=\"thumbnail-overlay\">                                                                                      <div class=\"rbs-hover-title\"><h2>Clean Chic<\/h2> \u2013 Minimalistische Sch\u00f6nheit<\/div>\r\n<div class=\"rbs-hover-more\"><a href=\"https:\/\/www.zurbrueggen.de\/magazin\/clean-chic\/\">Mehr...<\/a><\/div>\r\n<\/div><\/div><\/div><div class=\"rbs-img category2857 \"  data-columns=\"1\" ><div class=\"rbs-img-image \"   ><div data-thumbnail=\"https:\/\/www.zurbrueggen.de\/magazin\/wp-content\/uploads\/2018\/04\/magazin-kachel-esszimmer-einrichten-1024x1024.png\" title=\"Esszimmer einrichten\" data-width=\"665\" data-height=\"665\" ><\/div><div data-popup=\"https:\/\/www.zurbrueggen.de\/magazin\/wp-content\/uploads\/2018\/04\/magazin-kachel-esszimmer-einrichten.png\" data-alt=\"Esszimmer einrichten\" title=\"Esszimmer einrichten\" ><\/div><div class=\"thumbnail-overlay\">                                                                                      <div class=\"rbs-hover-title\"><h2>Esszimmer einrichten<\/h2> \u2013 So wird es gem\u00fctlich!<\/div>\r\n<div class=\"rbs-hover-more\"><a href=\"https:\/\/www.zurbrueggen.de\/magazin\/esszimmer-einrichten\/\">Mehr...<\/a><\/div>\r\n<\/div><\/div><\/div><div class=\"rbs-img category2857 \"  data-columns=\"1\" ><div class=\"rbs-img-image \"   ><div data-thumbnail=\"https:\/\/www.zurbrueggen.de\/magazin\/wp-content\/uploads\/2018\/01\/magazin-kachel-urban-jungle-2020-1024x1024.png\" title=\"Urban Jungle\" data-width=\"665\" data-height=\"665\" ><\/div><div data-popup=\"https:\/\/www.zurbrueggen.de\/magazin\/wp-content\/uploads\/2018\/01\/magazin-kachel-urban-jungle-2020.png\" data-alt=\"Urban Jungle\" title=\"Urban Jungle\" ><\/div><div class=\"thumbnail-overlay\">                                                                                      <div class=\"rbs-hover-title\"><h2>Urban Jungle<\/h2> \u2013 Gr\u00fcner wird's nicht<\/div>\r\n<div class=\"rbs-hover-more\"><a href=\"https:\/\/www.zurbrueggen.de\/magazin\/urban-jungle-style\/\">Mehr...<\/a><\/div>\r\n<\/div><\/div><\/div><div class=\"rbs-img category2857 \"  data-columns=\"1\" ><div class=\"rbs-img-image \"   ><div data-thumbnail=\"https:\/\/www.zurbrueggen.de\/magazin\/wp-content\/uploads\/2018\/04\/magazin-kachel-hyggelig_wohnen-1024x1024.jpg\" title=\"Hyggelig wohnen\" data-width=\"665\" data-height=\"665\" ><\/div><div data-popup=\"https:\/\/www.zurbrueggen.de\/magazin\/wp-content\/uploads\/2018\/04\/magazin-kachel-hyggelig_wohnen.jpg\" data-alt=\"Hyggelig wohnen\" title=\"Hyggelig wohnen\" ><\/div><div class=\"thumbnail-overlay\">                                                                                      <div class=\"rbs-hover-title\"><h2>Hyggelig wohnen<\/h2> \u2013 Skandinavische Gem\u00fctlichkeit<\/div>\r\n<div class=\"rbs-hover-more\"><a href=\"https:\/\/www.zurbrueggen.de\/magazin\/hyggelig-wohnen\/\">Mehr...<\/a><\/div>\r\n<\/div><\/div><\/div><div class=\"rbs-img category2857 \"  data-columns=\"1\" ><div class=\"rbs-img-image \"   ><div data-thumbnail=\"https:\/\/www.zurbrueggen.de\/magazin\/wp-content\/uploads\/2018\/04\/magazin-kachel-maritim-einrichten-1024x1024.jpg\" title=\"Maritim einrichten\" data-width=\"665\" data-height=\"665\" ><\/div><div data-popup=\"https:\/\/www.zurbrueggen.de\/magazin\/wp-content\/uploads\/2018\/04\/magazin-kachel-maritim-einrichten.jpg\" data-alt=\"Maritim einrichten\" title=\"Maritim einrichten\" ><\/div><div class=\"thumbnail-overlay\">                                                                                      <div class=\"rbs-hover-title\"><h2>Maritim einrichten<\/h2> \u2013 Wohnen wie am Meer<\/div>\r\n<div class=\"rbs-hover-more\"><a href=\"https:\/\/www.zurbrueggen.de\/magazin\/maritim-einrichten\/\">Mehr...<\/a><\/div>\r\n<\/div><\/div><\/div><div class=\"rbs-img category2857 \"  data-columns=\"1\" ><div class=\"rbs-img-image \"   ><div data-thumbnail=\"https:\/\/www.zurbrueggen.de\/magazin\/wp-content\/uploads\/2018\/04\/kachel-magazin-der-moderne-landhausstil-1024x1024.jpg\" title=\"Moderner Landhausstil: Ratgeber\" data-width=\"665\" data-height=\"665\" ><\/div><div data-popup=\"https:\/\/www.zurbrueggen.de\/magazin\/wp-content\/uploads\/2018\/04\/kachel-magazin-der-moderne-landhausstil.jpg\" data-alt=\"So richten Sie Ihr Zuhause modern und trotzdem l\u00e4ndlich ein!\" title=\"Moderner Landhausstil: Ratgeber\" ><\/div><div class=\"thumbnail-overlay\">                                                                                      <div class=\"rbs-hover-title\"><h2>Moderner Landhausstil: Ratgeber<\/h2> \u2013 So richten Sie Ihr Zuhause modern und trotzdem l\u00e4ndlich ein!<\/div>\r\n<div class=\"rbs-hover-more\"><a href=\"https:\/\/www.zurbrueggen.de\/magazin\/der-moderne-landhausstil\/\">Mehr...<\/a><\/div>\r\n<\/div><\/div><\/div><div class=\"rbs-img category2857 \"  data-columns=\"1\" ><div class=\"rbs-img-image \"   ><div data-thumbnail=\"https:\/\/www.zurbrueggen.de\/magazin\/wp-content\/uploads\/2018\/01\/magazin-kachel-industrial-look-1-1024x1024.jpg\" title=\"Industrial Look\" data-width=\"665\" data-height=\"665\" ><\/div><div data-popup=\"https:\/\/www.zurbrueggen.de\/magazin\/wp-content\/uploads\/2018\/01\/magazin-kachel-industrial-look-1.jpg\" data-alt=\"Industrial Look\" title=\"Industrial Look\" ><\/div><div class=\"thumbnail-overlay\">                                                                                      <div class=\"rbs-hover-title\"><h2>Industrial Look<\/h2> \u2013 Individuell und vielseitig<\/div>\r\n<div class=\"rbs-hover-more\"><a href=\"https:\/\/www.zurbrueggen.de\/magazin\/industrial-look\/\">Mehr...<\/a><\/div>\r\n<\/div><\/div><\/div><div class=\"rbs-img category2857 \"  data-columns=\"1\" ><div class=\"rbs-img-image \"   ><div data-thumbnail=\"https:\/\/www.zurbrueggen.de\/magazin\/wp-content\/uploads\/2018\/01\/magazin-kachel-schwarzweiss-1024x1024.jpg\" title=\"So wohnen Sie in Schwarz-Wei\u00df\" data-width=\"665\" data-height=\"665\" ><\/div><div data-popup=\"https:\/\/www.zurbrueggen.de\/magazin\/wp-content\/uploads\/2018\/01\/magazin-kachel-schwarzweiss.jpg\" data-alt=\"So wohnen Sie in Schwarz-Wei\u00df\" title=\"So wohnen Sie in Schwarz-Wei\u00df\" ><\/div><div class=\"thumbnail-overlay\">                                                                                      <div class=\"rbs-hover-title\"><h2>So wohnen Sie in Schwarz-Wei\u00df<\/h2> \u2013 Edel & stilvoll<\/div>\r\n<div class=\"rbs-hover-more\"><a href=\"https:\/\/www.zurbrueggen.de\/magazin\/wohnen-in-schwarz-weiss\/\">Mehr...<\/a><\/div>\r\n<\/div><\/div><\/div><div class=\"rbs-img category2857 \"  data-columns=\"1\" ><div class=\"rbs-img-image \"   ><div data-thumbnail=\"https:\/\/www.zurbrueggen.de\/magazin\/wp-content\/uploads\/2018\/04\/kachel-magazin-vintagemoebel-1024x1024.jpg\" title=\"Vintage-M\u00f6bel f\u00fcr jedes Zimmer\" data-width=\"665\" data-height=\"665\" ><\/div><div data-popup=\"https:\/\/www.zurbrueggen.de\/magazin\/wp-content\/uploads\/2018\/04\/kachel-magazin-vintagemoebel.jpg\" data-alt=\"Ob Bauernschrank oder Nierentisch: Retro liegt voll im Trend.\" title=\"Vintage-M\u00f6bel f\u00fcr jedes Zimmer\" ><\/div><div class=\"thumbnail-overlay\">                                                                                      <div class=\"rbs-hover-title\"><h2>Vintage-M\u00f6bel f\u00fcr jedes Zimmer<\/h2> \u2013 Ob Bauernschrank oder Nierentisch: Retro liegt voll im Trend.<\/div>\r\n<div class=\"rbs-hover-more\"><a href=\"https:\/\/www.zurbrueggen.de\/magazin\/der-zauber-vergangener-zeiten-vintage-moebel-fuer-jedes-zimmer\">Mehr...<\/a><\/div>\r\n<\/div><\/div><\/div><div class=\"rbs-img category2857 \"  data-columns=\"1\" ><div class=\"rbs-img-image \"   ><div data-thumbnail=\"https:\/\/www.zurbrueggen.de\/magazin\/wp-content\/uploads\/2018\/01\/kachel-magazin-storaging-stauraum-1024x1024.jpg\" title=\"Wohnraum smart nutzen\" data-width=\"665\" data-height=\"665\" ><\/div><div data-popup=\"https:\/\/www.zurbrueggen.de\/magazin\/wp-content\/uploads\/2018\/01\/kachel-magazin-storaging-stauraum.jpg\" data-alt=\"Wohnraum smart nutzen\" title=\"Wohnraum smart nutzen\" ><\/div><div class=\"thumbnail-overlay\">                                                                                      <div class=\"rbs-hover-title\"><h2>Wohnraum smart nutzen<\/h2> \u2013 Leicht Ordnung halten und besser leben<\/div>\r\n<div class=\"rbs-hover-more\"><a href=\"https:\/\/www.zurbrueggen.de\/magazin\/wohnraum-smart-nutzen\/\">Mehr...<\/a><\/div>\r\n<\/div><\/div><\/div><div class=\"rbs-img category2857 \"  data-columns=\"1\" ><div class=\"rbs-img-image \"   ><div data-thumbnail=\"https:\/\/www.zurbrueggen.de\/magazin\/wp-content\/uploads\/2018\/01\/magazin-kachel-art-deco-1024x1024.jpg\" title=\"Wohnen in Art D\u00e9co\" data-width=\"665\" data-height=\"665\" ><\/div><div data-popup=\"https:\/\/www.zurbrueggen.de\/magazin\/wp-content\/uploads\/2018\/01\/magazin-kachel-art-deco.jpg\" data-alt=\"Wohnen in Art D\u00e9co\" title=\"Wohnen in Art D\u00e9co\" ><\/div><div class=\"thumbnail-overlay\">                                                                                      <div class=\"rbs-hover-title\"><h2>Wohnen in Art D\u00e9co<\/h2> \u2013 Die opulente Pracht der Roaring Twenties<\/div>\r\n<div class=\"rbs-hover-more\"><a href=\"https:\/\/www.zurbrueggen.de\/magazin\/wohnen-in-art-deco-2\/\">Mehr...<\/a><\/div>\r\n<\/div><\/div><\/div><div class=\"rbs-img category2857 \"  data-columns=\"1\" ><div class=\"rbs-img-image \"   ><div data-thumbnail=\"https:\/\/www.zurbrueggen.de\/magazin\/wp-content\/uploads\/2018\/04\/kachel-magazin-boho-chic-1-1024x1024.jpg\" title=\"So wohnt es sich im Boho-Chic\" data-width=\"665\" data-height=\"665\" ><\/div><div data-popup=\"https:\/\/www.zurbrueggen.de\/magazin\/wp-content\/uploads\/2018\/04\/kachel-magazin-boho-chic-1.jpg\" data-alt=\"So wohnt es sich im Boho-Chic\" title=\"So wohnt es sich im Boho-Chic\" ><\/div><div class=\"thumbnail-overlay\">                                                                                      <div class=\"rbs-hover-title\"><h2>So wohnt es sich im Boho-Chic<\/h2> \u2013 Ethno und Retro im neuen Glanz<\/div>\r\n<div class=\"rbs-hover-more\"><a href=\"https:\/\/www.zurbrueggen.de\/magazin\/magazin\/so-wohnt-es-sich-im-boho-chic\/\">Mehr...<\/a><\/div>\r\n<\/div><\/div><\/div><div class=\"rbs-img category2857 \"  data-columns=\"1\" ><div class=\"rbs-img-image \"   ><div data-thumbnail=\"https:\/\/www.zurbrueggen.de\/magazin\/wp-content\/uploads\/2018\/04\/kachel-magazin-minimalismus-1024x1024.jpg\" title=\"Minimalismus als Einrichtungsstil\" data-width=\"665\" data-height=\"665\" ><\/div><div data-popup=\"https:\/\/www.zurbrueggen.de\/magazin\/wp-content\/uploads\/2018\/04\/kachel-magazin-minimalismus.jpg\" data-alt=\"Minimalismus als Einrichtungsstil\" title=\"Minimalismus als Einrichtungsstil\" ><\/div><div class=\"thumbnail-overlay\">                                                                                      <div class=\"rbs-hover-title\"><h2>Minimalismus als Einrichtungsstil<\/h2> \u2013 Klar, reduziert, elegant<\/div>\r\n<div class=\"rbs-hover-more\"><a href=\"https:\/\/www.zurbrueggen.de\/magazin\/minimalismus-als-einrichtungsstil\/\">Mehr...<\/a><\/div>\r\n<\/div><\/div><\/div><div class=\"rbs-img category2857 \"  data-columns=\"1\" ><div class=\"rbs-img-image \"   ><div data-thumbnail=\"https:\/\/www.zurbrueggen.de\/magazin\/wp-content\/uploads\/2018\/04\/kachel-magazin-skandi-1024x1024.jpg\" title=\"Der Skandi-Stil: modern, funktional und gem\u00fctlich\" data-width=\"665\" data-height=\"665\" ><\/div><div data-popup=\"https:\/\/www.zurbrueggen.de\/magazin\/wp-content\/uploads\/2018\/04\/kachel-magazin-skandi.jpg\" data-alt=\"Der Skandi-Stil: modern, funktional und gem\u00fctlich\" title=\"Der Skandi-Stil: modern, funktional und gem\u00fctlich\" ><\/div><div class=\"thumbnail-overlay\">                                                                                      <div class=\"rbs-hover-title\"><h2>Der Skandi-Stil: modern, funktional und gem\u00fctlich<\/h2> \u2013 Wohnen im Gl\u00fcck<\/div>\r\n<div class=\"rbs-hover-more\"><a href=\"https:\/\/www.zurbrueggen.de\/magazin\/skandi-stil-modern-funktional-gemuetlich\/\">Mehr...<\/a><\/div>\r\n<\/div><\/div><\/div><div class=\"rbs-img category2857 \"  data-columns=\"1\" ><div class=\"rbs-img-image \"   ><div data-thumbnail=\"https:\/\/www.zurbrueggen.de\/magazin\/wp-content\/uploads\/2018\/11\/kachel-magazin-tafeln-1024x1024.png\" title=\"Gepflegt und entspannt tafeln\" data-width=\"665\" data-height=\"665\" ><\/div><div data-popup=\"https:\/\/www.zurbrueggen.de\/magazin\/wp-content\/uploads\/2018\/11\/kachel-magazin-tafeln.png\" data-alt=\"Gepflegt und entspannt tafeln\" title=\"Gepflegt und entspannt tafeln\" ><\/div><div class=\"thumbnail-overlay\">                                                                                      <div class=\"rbs-hover-title\"><h2>Gepflegt und entspannt tafeln<\/h2> \u2013 Bitte zu Tisch \u2013 aber mit Stil<\/div>\r\n<div class=\"rbs-hover-more\"><a href=\"https:\/\/www.zurbrueggen.de\/magazin\/bitte-zu-tisch-aber-mit-stil\/\">Mehr...<\/a><\/div>\r\n<\/div><\/div><\/div><div class=\"rbs-img category2857 \"  data-columns=\"1\" ><div class=\"rbs-img-image \"   ><div data-thumbnail=\"https:\/\/www.zurbrueggen.de\/magazin\/wp-content\/uploads\/2018\/04\/kachel-magazin-heimtextilien-1024x1024.jpg\" title=\"Textilien f\u00fcr ein gem\u00fctliches Zuhause\" data-width=\"665\" data-height=\"665\" ><\/div><div data-popup=\"https:\/\/www.zurbrueggen.de\/magazin\/wp-content\/uploads\/2018\/04\/kachel-magazin-heimtextilien.jpg\" data-alt=\"Textilien f\u00fcr ein gem\u00fctliches Zuhause\" title=\"Textilien f\u00fcr ein gem\u00fctliches Zuhause\" ><\/div><div class=\"thumbnail-overlay\">                                                                                      <div class=\"rbs-hover-title\"><h2>Textilien f\u00fcr ein gem\u00fctliches Zuhause<\/h2> \u2013 Wohnen mit allen Sinnen<\/div>\r\n<div class=\"rbs-hover-more\"><a href=\"https:\/\/www.zurbrueggen.de\/magazin\/textilien-fuer-ein-gemuetliches-zuhause\/\">Mehr...<\/a><\/div>\r\n<\/div><\/div><\/div><div class=\"rbs-img category2857 \"  data-columns=\"1\" ><div class=\"rbs-img-image \"   ><div data-thumbnail=\"https:\/\/www.zurbrueggen.de\/magazin\/wp-content\/uploads\/2018\/01\/magazin-kachel-lernecke-kinderzimmer-1024x1024.png\" title=\"Lern-Ecke im Kinderzimmer\" data-width=\"665\" data-height=\"665\" ><\/div><div data-popup=\"https:\/\/www.zurbrueggen.de\/magazin\/lern-ecke-zum-schulstart\/\" data-type=\"iframe\" data-alt=\"Lern-Ecke im Kinderzimmer\" title=\"Lern-Ecke im Kinderzimmer\" ><\/div><div class=\"thumbnail-overlay\">                                                                                      <div class=\"rbs-hover-title\"><h2>Lern-Ecke im Kinderzimmer<\/h2> \u2013 Bald geht die Schule los<\/div>\r\n<div class=\"rbs-hover-more\"><a href=\"\">Mehr...<\/a><\/div>\r\n<\/div><\/div><\/div><div class=\"rbs-img category2857 \" ><div class=\"rbs-img-image \"   ><div data-thumbnail=\"https:\/\/www.zurbrueggen.de\/magazin\/wp-content\/uploads\/2018\/01\/magazin-kachel-der-perfekte-teppich-1024x1024.png\" title=\"Der perfekte Teppich\" data-width=\"665\" data-height=\"665\" ><\/div><div data-popup=\"https:\/\/www.zurbrueggen.de\/magazin\/wp-content\/uploads\/2018\/01\/magazin-kachel-der-perfekte-teppich.png\" data-alt=\"Der perfekte Teppich\" title=\"Der perfekte Teppich\" ><\/div><div class=\"thumbnail-overlay\">                                                                                      <div class=\"rbs-hover-title\"><h2>Der perfekte Teppich<\/h2> \u2013 Ein Teppich f\u00fcr jeden Raum<\/div>\r\n<div class=\"rbs-hover-more\"><a href=\"\">Mehr...<\/a><\/div>\r\n<\/div><\/div><\/div><\/div><div>                                                                                    <\/div><\/div><script>var rbs_gallery_69f1bed8db250 = {\"filterContainer\": \"#rbs_gallery_69f1bed8db250filter\", \"loadingContainer\": \"#robo_gallery_loading_rbs_gallery_69f1bed8db250\", \"mainContainer\": \"#robo_gallery_main_block_rbs_gallery_69f1bed8db250\", \"touch\": 1, \"lightboxOptions\": { gallery: { enabled: true, tCounter: \"%curr% of %total%\" } }, \"columns\": 3, \"columnWidth\": \"auto\", \"resolutions\": [{\"columnWidth\": \"auto\" , \"columns\":3 , \"maxWidth\": 960} , {\"columnWidth\": \"auto\" , \"columns\":3 , \"maxWidth\": 650} , {\"columnWidth\": \"auto\" , \"columns\":2 , \"maxWidth\": 450}], \"overlayEffect\": \"reveal-top-100%\", \"boxesToLoadStart\": 12, \"boxesToLoad\": 8, \"lazyLoad\": false, \"waitUntilThumbLoads\": true, \"waitForAllThumbsNoMatterWhat\": false, \"deepLinking\": false, \"LoadingWord\": \"Loading...\", \"loadMoreWord\": \"Load More\", \"loadMoreClass\": \"button-border-caution \", \"noMoreEntriesWord\": \"No More Entries\", \"horizontalSpaceBetweenBoxes\": 15, \"verticalSpaceBetweenBoxes\": 15, \"noHoverOnMobile\": \"false\"}, rbs_gallery_69f1bed8db250_css = \"body .mfp-ready.mfp-bg{background-color: rgba(11, 11, 11, 0.8);}#rbs_gallery_69f1bed8db250 .rbs-img-container{ -webkit-border-radius: 0px; -moz-border-radius: 0px; border-radius: 0px;}#rbs_gallery_69f1bed8db250 .rbsTitle{ font-size:12px; line-height:100%; color:rgb(255, 255, 255); font-weight:bold;}#rbs_gallery_69f1bed8db250 .rbsTitle:hover{color:rgb(255, 255, 255);}#rbs_gallery_69f1bed8db250 .thumbnail-overlay{background:rgb(191, 0, 0);}#rbs_gallery_69f1bed8db250 .rbsZoomIcon{ font-size:16px; line-height:100%; color:rgb(255, 255, 255);background:rgb(13, 130, 241);border:2px solid rgb(255, 255, 255);}#rbs_gallery_69f1bed8db250 .rbsZoomIcon:hover{color:rgb(255, 255, 255);border:2px solid rgb(255, 255, 255);background:rgb(6, 70, 130);}#rbs_gallery_69f1bed8db250 .image-with-dimensions{background-color: rgb(255, 255, 255);}body .mfp-title, body .mfp-counter{color: rgb(243, 243, 243);}\",roboGalleryDelay = 0; head = document.head || document.getElementsByTagName(\"head\")[0], style = document.createElement(\"style\"); style.type = \"text\/css\"; if (style.styleSheet) style.styleSheet.cssText = rbs_gallery_69f1bed8db250_css; \telse  style.appendChild(document.createTextNode(rbs_gallery_69f1bed8db250_css)); head.appendChild(style);<\/script>\n<p>&nbsp;<\/p>\n<p>&nbsp;<\/p>\n<p>&nbsp;<\/p>\n","protected":false},"excerpt":{"rendered":"<p>Alles f\u00fcr ein gem\u00fctliches Zuhause &nbsp; &nbsp; &nbsp;<\/p>\n","protected":false},"author":20,"featured_media":0,"parent":0,"menu_order":0,"comment_status":"closed","ping_status":"closed","template":"","meta":{"_acf_changed":false,"footnotes":""},"class_list":["post-2888","page","type-page","status-publish","hentry"],"acf":[],"yoast_head":"<!-- This site is optimized with the Yoast SEO plugin v27.4 - https:\/\/yoast.com\/product\/yoast-seo-wordpress\/ -->\n<title>Wohnstil \u2013 Zurbr\u00fcggen \u00bbmagazin\u00ab<\/title>\n<meta name=\"description\" content=\"Alles f\u00fcr ein gem\u00fctliches Zuhause: \u2022 Festlich speisen \u2022 Textilien f\u00fcr ein gem\u00fctliches Zuhause \u2022 Eine Single-Wohnung zum Wohlf\u00fchlen \u2022 Die Zurbr\u00fcggen WG \u2022 Die Zurbr\u00fcggen WG II \u2013 Wohn-\/Esszimmer\" \/>\n<meta name=\"robots\" content=\"index, follow, max-snippet:-1, max-image-preview:large, max-video-preview:-1\" \/>\n<link rel=\"canonical\" href=\"https:\/\/www.zurbrueggen.de\/magazin\/wohnstil\/\" \/>\n<meta property=\"og:locale\" content=\"de_DE\" \/>\n<meta property=\"og:type\" content=\"article\" \/>\n<meta property=\"og:title\" content=\"Wohnstil \u2013 Zurbr\u00fcggen \u00bbmagazin\u00ab\" \/>\n<meta property=\"og:description\" content=\"Alles f\u00fcr ein gem\u00fctliches Zuhause: \u2022 Festlich speisen \u2022 Textilien f\u00fcr ein gem\u00fctliches Zuhause \u2022 Eine Single-Wohnung zum Wohlf\u00fchlen \u2022 Die Zurbr\u00fcggen WG \u2022 Die Zurbr\u00fcggen WG II \u2013 Wohn-\/Esszimmer\" \/>\n<meta property=\"og:url\" content=\"https:\/\/www.zurbrueggen.de\/magazin\/wohnstil\/\" \/>\n<meta property=\"og:site_name\" content=\"Zurbr\u00fcggen magazin\" \/>\n<meta property=\"article:publisher\" content=\"https:\/\/facebook.com\/zurbrueggen\" \/>\n<meta property=\"article:modified_time\" content=\"2019-12-04T12:17:10+00:00\" \/>\n<meta property=\"og:image\" content=\"https:\/\/www.zurbrueggen.de\/magazin\/wp-content\/uploads\/2018\/04\/kachel-magazin-kategorie-leben-zuhause.jpg\" \/>\n\t<meta property=\"og:image:width\" content=\"1080\" \/>\n\t<meta property=\"og:image:height\" content=\"1080\" \/>\n\t<meta property=\"og:image:type\" content=\"image\/jpeg\" \/>\n<script type=\"application\/ld+json\" class=\"yoast-schema-graph\">{\"@context\":\"https:\\\/\\\/schema.org\",\"@graph\":[{\"@type\":\"WebPage\",\"@id\":\"https:\\\/\\\/www.zurbrueggen.de\\\/magazin\\\/wohnstil\\\/\",\"url\":\"https:\\\/\\\/www.zurbrueggen.de\\\/magazin\\\/wohnstil\\\/\",\"name\":\"Wohnstil \u2013 Zurbr\u00fcggen \u00bbmagazin\u00ab\",\"isPartOf\":{\"@id\":\"https:\\\/\\\/www.zurbrueggen.de\\\/magazin\\\/#website\"},\"datePublished\":\"2018-04-17T16:36:14+00:00\",\"dateModified\":\"2019-12-04T12:17:10+00:00\",\"description\":\"Alles f\u00fcr ein gem\u00fctliches Zuhause: \u2022 Festlich speisen \u2022 Textilien f\u00fcr ein gem\u00fctliches Zuhause \u2022 Eine Single-Wohnung zum Wohlf\u00fchlen \u2022 Die Zurbr\u00fcggen WG \u2022 Die Zurbr\u00fcggen WG II \u2013 Wohn-\\\/Esszimmer\",\"breadcrumb\":{\"@id\":\"https:\\\/\\\/www.zurbrueggen.de\\\/magazin\\\/wohnstil\\\/#breadcrumb\"},\"inLanguage\":\"de\",\"potentialAction\":[{\"@type\":\"ReadAction\",\"target\":[\"https:\\\/\\\/www.zurbrueggen.de\\\/magazin\\\/wohnstil\\\/\"]}]},{\"@type\":\"BreadcrumbList\",\"@id\":\"https:\\\/\\\/www.zurbrueggen.de\\\/magazin\\\/wohnstil\\\/#breadcrumb\",\"itemListElement\":[{\"@type\":\"ListItem\",\"position\":1,\"name\":\"Startseite\",\"item\":\"https:\\\/\\\/www.zurbrueggen.de\\\/magazin\\\/\"},{\"@type\":\"ListItem\",\"position\":2,\"name\":\"Wohnstil\"}]},{\"@type\":\"WebSite\",\"@id\":\"https:\\\/\\\/www.zurbrueggen.de\\\/magazin\\\/#website\",\"url\":\"https:\\\/\\\/www.zurbrueggen.de\\\/magazin\\\/\",\"name\":\"Zurbr\u00fcggen magazin\",\"description\":\"DESIGN \u2022 STYLE \u2022 LIVING\",\"publisher\":{\"@id\":\"https:\\\/\\\/www.zurbrueggen.de\\\/magazin\\\/#organization\"},\"potentialAction\":[{\"@type\":\"SearchAction\",\"target\":{\"@type\":\"EntryPoint\",\"urlTemplate\":\"https:\\\/\\\/www.zurbrueggen.de\\\/magazin\\\/?s={search_term_string}\"},\"query-input\":{\"@type\":\"PropertyValueSpecification\",\"valueRequired\":true,\"valueName\":\"search_term_string\"}}],\"inLanguage\":\"de\"},{\"@type\":\"Organization\",\"@id\":\"https:\\\/\\\/www.zurbrueggen.de\\\/magazin\\\/#organization\",\"name\":\"Zurbr\u00fcggen Wohn-Zentrum GmbH\",\"url\":\"https:\\\/\\\/www.zurbrueggen.de\\\/magazin\\\/\",\"logo\":{\"@type\":\"ImageObject\",\"inLanguage\":\"de\",\"@id\":\"https:\\\/\\\/www.zurbrueggen.de\\\/magazin\\\/#\\\/schema\\\/logo\\\/image\\\/\",\"url\":\"https:\\\/\\\/www.zurbrueggen.de\\\/magazin\\\/wp-content\\\/uploads\\\/2016\\\/07\\\/logo_zurbrueggen.png\",\"contentUrl\":\"https:\\\/\\\/www.zurbrueggen.de\\\/magazin\\\/wp-content\\\/uploads\\\/2016\\\/07\\\/logo_zurbrueggen.png\",\"width\":400,\"height\":107,\"caption\":\"Zurbr\u00fcggen Wohn-Zentrum GmbH\"},\"image\":{\"@id\":\"https:\\\/\\\/www.zurbrueggen.de\\\/magazin\\\/#\\\/schema\\\/logo\\\/image\\\/\"},\"sameAs\":[\"https:\\\/\\\/facebook.com\\\/zurbrueggen\",\"https:\\\/\\\/x.com\\\/Zurbrueggen\"]}]}<\/script>\n<!-- \/ Yoast SEO plugin. -->","yoast_head_json":{"title":"Wohnstil \u2013 Zurbr\u00fcggen \u00bbmagazin\u00ab","description":"Alles f\u00fcr ein gem\u00fctliches Zuhause: \u2022 Festlich speisen \u2022 Textilien f\u00fcr ein gem\u00fctliches Zuhause \u2022 Eine Single-Wohnung zum Wohlf\u00fchlen \u2022 Die Zurbr\u00fcggen WG \u2022 Die Zurbr\u00fcggen WG II \u2013 Wohn-\/Esszimmer","robots":{"index":"index","follow":"follow","max-snippet":"max-snippet:-1","max-image-preview":"max-image-preview:large","max-video-preview":"max-video-preview:-1"},"canonical":"https:\/\/www.zurbrueggen.de\/magazin\/wohnstil\/","og_locale":"de_DE","og_type":"article","og_title":"Wohnstil \u2013 Zurbr\u00fcggen \u00bbmagazin\u00ab","og_description":"Alles f\u00fcr ein gem\u00fctliches Zuhause: \u2022 Festlich speisen \u2022 Textilien f\u00fcr ein gem\u00fctliches Zuhause \u2022 Eine Single-Wohnung zum Wohlf\u00fchlen \u2022 Die Zurbr\u00fcggen WG \u2022 Die Zurbr\u00fcggen WG II \u2013 Wohn-\/Esszimmer","og_url":"https:\/\/www.zurbrueggen.de\/magazin\/wohnstil\/","og_site_name":"Zurbr\u00fcggen magazin","article_publisher":"https:\/\/facebook.com\/zurbrueggen","article_modified_time":"2019-12-04T12:17:10+00:00","og_image":[{"width":1080,"height":1080,"url":"https:\/\/www.zurbrueggen.de\/magazin\/wp-content\/uploads\/2018\/04\/kachel-magazin-kategorie-leben-zuhause.jpg","type":"image\/jpeg"}],"schema":{"@context":"https:\/\/schema.org","@graph":[{"@type":"WebPage","@id":"https:\/\/www.zurbrueggen.de\/magazin\/wohnstil\/","url":"https:\/\/www.zurbrueggen.de\/magazin\/wohnstil\/","name":"Wohnstil \u2013 Zurbr\u00fcggen \u00bbmagazin\u00ab","isPartOf":{"@id":"https:\/\/www.zurbrueggen.de\/magazin\/#website"},"datePublished":"2018-04-17T16:36:14+00:00","dateModified":"2019-12-04T12:17:10+00:00","description":"Alles f\u00fcr ein gem\u00fctliches Zuhause: \u2022 Festlich speisen \u2022 Textilien f\u00fcr ein gem\u00fctliches Zuhause \u2022 Eine Single-Wohnung zum Wohlf\u00fchlen \u2022 Die Zurbr\u00fcggen WG \u2022 Die Zurbr\u00fcggen WG II \u2013 Wohn-\/Esszimmer","breadcrumb":{"@id":"https:\/\/www.zurbrueggen.de\/magazin\/wohnstil\/#breadcrumb"},"inLanguage":"de","potentialAction":[{"@type":"ReadAction","target":["https:\/\/www.zurbrueggen.de\/magazin\/wohnstil\/"]}]},{"@type":"BreadcrumbList","@id":"https:\/\/www.zurbrueggen.de\/magazin\/wohnstil\/#breadcrumb","itemListElement":[{"@type":"ListItem","position":1,"name":"Startseite","item":"https:\/\/www.zurbrueggen.de\/magazin\/"},{"@type":"ListItem","position":2,"name":"Wohnstil"}]},{"@type":"WebSite","@id":"https:\/\/www.zurbrueggen.de\/magazin\/#website","url":"https:\/\/www.zurbrueggen.de\/magazin\/","name":"Zurbr\u00fcggen magazin","description":"DESIGN \u2022 STYLE \u2022 LIVING","publisher":{"@id":"https:\/\/www.zurbrueggen.de\/magazin\/#organization"},"potentialAction":[{"@type":"SearchAction","target":{"@type":"EntryPoint","urlTemplate":"https:\/\/www.zurbrueggen.de\/magazin\/?s={search_term_string}"},"query-input":{"@type":"PropertyValueSpecification","valueRequired":true,"valueName":"search_term_string"}}],"inLanguage":"de"},{"@type":"Organization","@id":"https:\/\/www.zurbrueggen.de\/magazin\/#organization","name":"Zurbr\u00fcggen Wohn-Zentrum GmbH","url":"https:\/\/www.zurbrueggen.de\/magazin\/","logo":{"@type":"ImageObject","inLanguage":"de","@id":"https:\/\/www.zurbrueggen.de\/magazin\/#\/schema\/logo\/image\/","url":"https:\/\/www.zurbrueggen.de\/magazin\/wp-content\/uploads\/2016\/07\/logo_zurbrueggen.png","contentUrl":"https:\/\/www.zurbrueggen.de\/magazin\/wp-content\/uploads\/2016\/07\/logo_zurbrueggen.png","width":400,"height":107,"caption":"Zurbr\u00fcggen Wohn-Zentrum GmbH"},"image":{"@id":"https:\/\/www.zurbrueggen.de\/magazin\/#\/schema\/logo\/image\/"},"sameAs":["https:\/\/facebook.com\/zurbrueggen","https:\/\/x.com\/Zurbrueggen"]}]}},"_links":{"self":[{"href":"https:\/\/www.zurbrueggen.de\/magazin\/wp-json\/wp\/v2\/pages\/2888","targetHints":{"allow":["GET"]}}],"collection":[{"href":"https:\/\/www.zurbrueggen.de\/magazin\/wp-json\/wp\/v2\/pages"}],"about":[{"href":"https:\/\/www.zurbrueggen.de\/magazin\/wp-json\/wp\/v2\/types\/page"}],"author":[{"embeddable":true,"href":"https:\/\/www.zurbrueggen.de\/magazin\/wp-json\/wp\/v2\/users\/20"}],"replies":[{"embeddable":true,"href":"https:\/\/www.zurbrueggen.de\/magazin\/wp-json\/wp\/v2\/comments?post=2888"}],"version-history":[{"count":4,"href":"https:\/\/www.zurbrueggen.de\/magazin\/wp-json\/wp\/v2\/pages\/2888\/revisions"}],"predecessor-version":[{"id":5011,"href":"https:\/\/www.zurbrueggen.de\/magazin\/wp-json\/wp\/v2\/pages\/2888\/revisions\/5011"}],"wp:attachment":[{"href":"https:\/\/www.zurbrueggen.de\/magazin\/wp-json\/wp\/v2\/media?parent=2888"}],"curies":[{"name":"wp","href":"https:\/\/api.w.org\/{rel}","templated":true}]}}